{"id":1442,"date":"2022-11-06T11:38:53","date_gmt":"2022-11-06T10:38:53","guid":{"rendered":"https:\/\/www.reteartistispettacolo.it\/?page_id=1442"},"modified":"2023-12-06T11:46:15","modified_gmt":"2023-12-06T10:46:15","slug":"bando-tematico-artisti-in-isolamento","status":"publish","type":"page","link":"https:\/\/www.reteartistispettacolo.it\/it\/bando-tematico-artisti-in-isolamento\/","title":{"rendered":"Bando tematico &#8220;ARTISTI IN ISOLAMENTO&#8221;"},"content":{"rendered":"\t\t<div data-elementor-type=\"wp-page\" data-elementor-id=\"1442\" class=\"elementor elementor-1442\" data-elementor-settings=\"{&quot;ha_cmc_init_switcher&quot;:&quot;no&quot;}\" data-elementor-post-type=\"page\">\n\t\t\t\t\t\t<section class=\"elementor-section elementor-top-section elementor-element elementor-element-8eedbe6 elementor-section-height-min-height elementor-section-boxed elementor-section-height-default elementor-section-items-middle\" data-id=\"8eedbe6\" data-element_type=\"section\" data-e-type=\"section\" data-settings=\"{&quot;background_background&quot;:&quot;gradient&quot;,&quot;_ha_eqh_enable&quot;:false}\">\n\t\t\t\t\t\t\t<div class=\"elementor-background-overlay\"><\/div>\n\t\t\t\t\t\t\t<div class=\"elementor-container elementor-column-gap-default\">\n\t\t\t\t\t<div class=\"elementor-column elementor-col-100 elementor-top-column elementor-element elementor-element-271fd70\" data-id=\"271fd70\" data-element_type=\"column\" data-e-type=\"column\">\n\t\t\t<div class=\"elementor-widget-wrap elementor-element-populated\">\n\t\t\t\t\t\t<div class=\"elementor-element elementor-element-50207b8 elementor-widget elementor-widget-text-editor\" data-id=\"50207b8\" data-element_type=\"widget\" data-e-type=\"widget\" data-widget_type=\"text-editor.default\">\n\t\t\t\t<div class=\"elementor-widget-container\">\n\t\t\t\t\t\t\t\t\t<p>Promozione \/ Bandi conclusi<\/p>\t\t\t\t\t\t\t\t<\/div>\n\t\t\t\t<\/div>\n\t\t\t\t<div class=\"elementor-element elementor-element-bb0179b elementor-invisible elementor-widget elementor-widget-heading\" data-id=\"bb0179b\" data-element_type=\"widget\" data-e-type=\"widget\" data-settings=\"{&quot;_animation&quot;:&quot;fadeInUp&quot;}\" data-widget_type=\"heading.default\">\n\t\t\t\t<div class=\"elementor-widget-container\">\n\t\t\t\t\t<h1 class=\"elementor-heading-title elementor-size-default\">Bando tematico ARTISTI IN ISOLAMENTO<\/h1>\t\t\t\t<\/div>\n\t\t\t\t<\/div>\n\t\t\t\t<div class=\"elementor-element elementor-element-d08e238 elementor-invisible elementor-widget elementor-widget-heading\" data-id=\"d08e238\" data-element_type=\"widget\" data-e-type=\"widget\" data-settings=\"{&quot;_animation&quot;:&quot;fadeInUp&quot;}\" data-widget_type=\"heading.default\">\n\t\t\t\t<div class=\"elementor-widget-container\">\n\t\t\t\t\t<p class=\"elementor-heading-title elementor-size-default\">(DI CUI ALL\u2019ART.7 DELLA LEGGE N.93 DEL 5 FEBBRAIO 1992)<\/p>\t\t\t\t<\/div>\n\t\t\t\t<\/div>\n\t\t\t\t<div class=\"elementor-element elementor-element-dfc330a elementor-invisible elementor-widget elementor-widget-heading\" data-id=\"dfc330a\" data-element_type=\"widget\" data-e-type=\"widget\" data-settings=\"{&quot;_animation&quot;:&quot;fadeInUp&quot;}\" data-widget_type=\"heading.default\">\n\t\t\t\t<div class=\"elementor-widget-container\">\n\t\t\t\t\t<p class=\"elementor-heading-title elementor-size-default\">Bando tematico per la\nPROMOZIONE\ndelle attivit\u00e0 professionali degli artisti<\/p>\t\t\t\t<\/div>\n\t\t\t\t<\/div>\n\t\t\t\t<div class=\"elementor-element elementor-element-767f297 elementor-invisible elementor-widget elementor-widget-heading\" data-id=\"767f297\" data-element_type=\"widget\" data-e-type=\"widget\" data-settings=\"{&quot;_animation&quot;:&quot;fadeInUp&quot;}\" data-widget_type=\"heading.default\">\n\t\t\t\t<div class=\"elementor-widget-container\">\n\t\t\t\t\t<p class=\"elementor-heading-title elementor-size-default\">Scadenza 24.00 del giorno 31 gennaio 2021<\/p>\t\t\t\t<\/div>\n\t\t\t\t<\/div>\n\t\t\t\t\t<\/div>\n\t\t<\/div>\n\t\t\t\t\t<\/div>\n\t\t<\/section>\n\t\t\t\t<section class=\"elementor-section elementor-top-section elementor-element elementor-element-9c7e07d elementor-section-boxed elementor-section-height-default elementor-section-height-default\" data-id=\"9c7e07d\" data-element_type=\"section\" data-e-type=\"section\" data-settings=\"{&quot;background_background&quot;:&quot;classic&quot;,&quot;_ha_eqh_enable&quot;:false}\">\n\t\t\t\t\t\t<div class=\"elementor-container elementor-column-gap-default\">\n\t\t\t\t\t<div class=\"elementor-column elementor-col-100 elementor-top-column elementor-element elementor-element-2d8a2f6\" data-id=\"2d8a2f6\" data-element_type=\"column\" data-e-type=\"column\">\n\t\t\t<div class=\"elementor-widget-wrap elementor-element-populated\">\n\t\t\t\t\t\t<div class=\"elementor-element elementor-element-7a56269 elementor-widget elementor-widget-text-editor\" data-id=\"7a56269\" data-element_type=\"widget\" data-e-type=\"widget\" data-widget_type=\"text-editor.default\">\n\t\t\t\t<div class=\"elementor-widget-container\">\n\t\t\t\t\t\t\t\t\t<p>BANDO TEMATICO PER LA PROMOZIONE DELLE ATTIVITA\u2019 PROFESSIONALI DEGLI ARTISTI<\/p><p>(Di cui all&#8217;Art.7 della legge N.93 del 5 febbraio 1992)<\/p><p>\u201cArtisti in isolamento\u201d<em>\u00a0<\/em><\/p><p><em>PREMESSA<\/em><\/p><p>L\u2019attuale prolungata contingenza ha creato, per gli artisti, la quasi totale impossibilit\u00e0 di svolgere il proprio lavoro, esprimere il proprio pensiero, dar voce alla propria vocazione. Stretti fra terribili notizie pandemiche e l\u2019impossibilit\u00e0 di considerare un orizzonte temporale possibile per la ripresa dell\u2019attivit\u00e0, gli artisti sono stati ignorati quando non vilipesi perch\u00e9 considerati marginali, senza prestare attenzione al fatto che la reazione scomposta e illogica al virus deriva proprio dalla disattenzione colpevole nei confronti della cultura in generale e degli artisti stessi in particolare che \u00e8 stata perpetrata in tutti questi anni. La cultura permette un\u2019analisi del reale maggiormente precisa e quindi una reazione pi\u00f9 efficace e non provocata da un panico indifferenziato. La sua mancanza conduce ad analisi scorrette e a reazioni di breve e brevissimo periodo inconsulte e spesso dannose. Di fronte a questo scenario la R.A.S.I. ha deciso di offrire il proprio supporto tramite il presente bando per focalizzare l\u2019attenzione degli artisti anche e non solo alla fase progettuale delle attivit\u00e0 artistiche, in modo di farsi trovare pronti alla ripresa parziale o totale delle attivit\u00e0 e di consentire, nel contempo, attivit\u00e0 di promozione e formazione tese a utilizzare in modo proficuo il tempo a disposizione, per finire all\u2019esplorazione di tutto quello che riguarda la produzione di attivit\u00e0 audio-video artistiche o promozionali.<\/p><p><em>\u00a0<\/em><\/p><p><em>Art.1<\/em><\/p><p><em>OGGETTO<\/em><\/p><p>Il presente bando proposto ed approvato dagli artisti del Comitato di Sorveglianza, adottato in base al \u201cRegolamento per le attivit\u00e0 di promozione e patrocinio\u201d e ratificato dall\u2019assemblea dei soci R.A.S.I., disciplina i criteri e le modalit\u00e0 di partecipazione, assegnazione ed erogazione delle risorse finanziarie nonch\u00e9 le procedure per il monitoraggio e la rendicontazione finalizzati alla realizzazione delle attivit\u00e0 di promozione di cui \u00a0all\u2019art.7 della Legge n.93 del 5 febbraio 1992 al fine di assicurare equit\u00e0 e trasparenza nonch\u00e9 il miglior impiego delle risorse destinate al conseguimento degli obiettivi.<em>\u00a0<\/em><\/p><p><em>\u00a0<\/em><\/p><p><em>Art.2<\/em><\/p><p><em>ATTIVIT\u00c0 AMMISSIBILI E RISORSE<\/em><\/p><p>La R.A.S.I. assegna contributi per sostenere in particolare le seguenti attivit\u00e0 realizzate appositamente per il presente bando :<\/p><p>A) Esecuzione di attivit\u00e0 originali di promozione, divulgazione e diffusione della cultura cinematografica, teatrale e musicale tramite la rete web ad esclusione delle attivit\u00e0 di produzione;<\/p><p>B) Progetti artistici originali ed inediti di cinema, teatro e musica; I progetti dovranno essere redatti in formato digitale. Il file potr\u00e0 avere una lunghezza massima di 12 cartelle dattiloscritte di 30 righe ciascuna. Oltre al titolo i progetti dovranno essere articolati nei seguenti capitoli: ragioni della proposta, sinossi\/soggetto artistico-culturale, descrizione organizzativa, luogo\/ghi e spazi di realizzazione, figure professionali coinvolte, nomi degli artisti primari e rispettivi ruoli, eventuali partner progettuali, piano di comunicazione e promozione, materiale promozionale da realizzare, elenco mass media da coinvolgere, preventivo finanziario, risultati finali attesi concreti e immateriali, piano di diffusione dei risultati del progetto.<\/p><p>Le linee guida previste per la valutazione sono: qualit\u00e0 e fattibilit\u00e0 del progetto, l\u2019interazione dello stesso con la filiera educativa, culturale e dello spettacolo, il carattere innovativo, la congruit\u00e0 del preventivo, la collaborazione con soggetti e strutture del sistema artistico e culturale. Per la presentazione della richiesta di contributo andr\u00e0 presentata una descrizione di minimo due pagine dattiloscritte di 30 righe ciascuna del progetto che s\u2019intende sviluppare.<\/p><p>C) Formazione professionale anno 2021;<\/p><p>Attivit\u00e0 di preparazione per selezioni e provini, coaching per la preparazione di un ruolo, l\u2019iscrizione e la frequenza di percorsi di formazione, di aggiornamento e\/o riqualificazione delle competenze professionali, nonch\u00e9 di corsi di laurea e\/o post lauream e master, inerenti il profilo professionale. Il contributo nella misura massima del 10% sar\u00e0 spendibile per l\u2019acquisto di pubblicazioni, libri, riviste, cd, supporti audiovisivi e musicali, anche in formato digitale, comunque utili all&#8217;aggiornamento professionale; Per la realizzazione e conclusione delle attivit\u00e0 di formazione si tiene conto della situazione relativa all\u2019emergenza sanitaria.<\/p><p>D) Realizzazione di self tape, showreel, book fotografici, siti web anno 2021;<\/p><p>Il self tape \u00e8 un auto-provino che pu\u00f2 essere realizzato anche con il cellulare e pu\u00f2 essere inviato tramite link. Lo showreel \u00e8 un prodotto attraverso il quale vengono riassunti con brevi spezzoni di filmati montati, tutti i punti pi\u00f9 significativi della carriera di un artista.<\/p><p>I richiedenti possono presentare una sola richiesta di contributo per la realizzazione di una sola delle attivit\u00e0 di cui ai punti precedenti A) B) C) D);<\/p><p>La somma complessivamente stanziata per la realizzazione delle iniziative di cui al presente bando \u00e8 a valere sul Fondo Promozione R.A.S.I.<\/p><p>Art.3<\/p><p>CARATTERISTICHE DEL SOSTEGNO FINANZIARIO<\/p><p>La R.A.S.I. pu\u00f2 sostenere la realizzazione di ciascun evento con un contributo pari ad un importo fino a un massimo di euro 2000,00 al lordo degli oneri fiscali. Le attivit\u00e0 sostenute dovranno essere realizzate entro il 30 giugno 2021 prorogabile, con richiesta motivata, in relazione alla situazione dell\u2019emergenza sanitaria.<\/p><p>Ciascun artista potr\u00e0 presentare una sola richiesta di contributo ai sensi del presente bando e percepire qualsiasi altro sostegno finanziario per le attivit\u00e0 in questione. Nel caso di presentazione di pi\u00f9 richieste rimane valida quella cronologicamente presentata per prima.<\/p><p>Gli artisti e le strutture sono liberi di realizzare le attivit\u00e0 come ritengono opportuno nella piena autonomia artistica.\u00a0<\/p><p><em>Art.4<\/em><\/p><p><em>BENEFICIARI E REQUISITI<\/em><\/p><p>Possono beneficiare dei sostegni di cui al presente bando gli artisti singoli aventi diritto soci e\/o mandanti di R.A.S.I. residenti in Italia.<\/p><p>Il mancato possesso di tale requisito comporter\u00e0 la non ammissibilit\u00e0 al contributo della proposta. La perdita del requisito intervenuta successivamente alla concessione ma prima del saldo, comporter\u00e0 la decadenza dal contributo concesso con conseguente recupero dell\u2019acconto eventualmente gi\u00e0 erogato.\u00a0<\/p><p><em>Art.5<\/em><\/p><p><em>PRESENTAZIONE DELLA DOMANDA<\/em><\/p><p>La richiesta, pena esclusione, per l\u2019ammissione al finanziamento deve essere presentata entro le ore\u00a0<strong>24.00 del giorno 31 gennaio 2021.<\/strong><br \/>La richiesta deve essere presentata accedendo al seguente link:<\/p><p><a href=\"https:\/\/www.reteartistispettacolo.it\/it\/promozione\/bando-tematico-artisti-in-isolamento.html\">https:\/\/www.reteartistispettacolo.it\/it\/promozione\/bando-tematico-artisti-in-isolamento.html<\/a><\/p><p>compilando il format ed inviandolo.<br \/>Al modulo devono essere allegati:<br \/>a) documentazione relativa all\u2019attivit\u00e0 per la quale si richiede il sostegno;<br \/>b) copia del documento d\u2019identit\u00e0 del richiedente;<br \/>c) informativa sulla privacy vistata dall\u2019artista per accettazione.\u00a0<\/p><p><em>\u00a0<\/em><em>Art.6<\/em><\/p><p><em>ISTRUTTORIA<\/em><\/p><p>Le richieste pervenute sono sottoposte ad un\u2019istruttoria formale-amministrativa di ammissibilit\u00e0 volta a verificare il rispetto dei requisiti soggettivi e progettuali di partecipazione, delle modalit\u00e0 e dei termini di presentazione e la completezza della documentazione richiesta.<\/p><p>La carenza di qualsiasi elemento formale della domanda di partecipazione, potr\u00e0 essere regolarizzata mediante aiuto istruttorio. In tal caso, gli uffici R.A.S.I. provvederanno a trasmettere, apposita richiesta di regolarizzazione assegnando al soggetto proponente un termine non superiore a 10 giorni per provvedere. In caso di mancata o incompleta regolarizzazione entro il termine assegnato la richiesta \u00e8 dichiarata non ammissibile alla fase di valutazione e gli uffici R.A.S.I. provvederanno a comunicare la non ammissibilit\u00e0 all\u2019interessato.\u00a0\u00a0<\/p><p><em>Art.7<\/em><\/p><p><em>VALUTAZIONE DELLA RICHIESTA<\/em><\/p><p>Il Comitato di Sorveglianza della R.a.s.i., composto da artisti, procede alla valutazione delle richieste ritenute ammissibili in base a criteri di qualit\u00e0 professionale artistica ed organizzativa attribuendo alle stesse un finanziamento proporzionale alla propria valutazione. Ai fini della valutazione dei progetti presentati si terr\u00e0 anche conto del numero di artisti rappresentati da R.a.s.i. coinvolti nel progetto. Successivamente il Consiglio di Amministrazione provvede all\u2019approvazione dei contributi proposti.<\/p><p><em>Art.8<\/em><\/p><p><em>ASSEGNAZIONE E COMUNICAZIONE DEI CONTRIBUTI<\/em><\/p><p><strong>Entro il giorno 24 febbraio 2021<\/strong>\u00a0sar\u00e0 comunicato agli artisti l\u2019esito della richiesta ed il contributo assegnato al netto degli oneri fiscali e di legge. I beneficiari dovranno inviare a R.A.S.I. l\u2019accettazione del finanziamento e l\u2019impegno a svolgere la relativa attivit\u00e0 prevista. Qualora un richiedente rinunciasse allo svolgimento dell\u2019attivit\u00e0 i relativi fondi stanziati ritorneranno nella disponibilit\u00e0 del Fondo Promozione. La R.A.S.I. non assume alcuna responsabilit\u00e0 in merito all&#8217;organizzazione e allo svolgimento delle attivit\u00e0 per cui sono stati concessi i sostegni finanziari e per nessuna tipologia di sinistro e\/o rivendicazione di terzi relativi alle stesse.<\/p><p><em>Art.9<\/em><\/p><p><em>EROGAZIONE E RENDICONTAZIONE<\/em><\/p><p>L\u2019erogazione del contributo pu\u00f2 avvenire in un\u2019unica soluzione a rendiconto avvenuto o in due rate, secondo le modalit\u00e0 di seguito indicate:<\/p><p>a) un\u2019anticipazione, da richiedersi in sede di accettazione del contributo nella misura\u00a0del 50% dell\u2019importo concesso.<\/p><p>b) un\u2019erogazione a saldo entro 30 giorni dalla conclusione dell\u2019attivit\u00e0 oggetto del contributo previa la consegna della documentazione fiscale prevista dalla legge e di copia del seguente materiale per le attivit\u00e0 di cui all\u2019art.2:<\/p><p>-video e promozionale, per la lettera A);<\/p><p>-progetto, per la lettera B);<\/p><p>-relativo all\u2019attivit\u00e0 di formazione svolta, per la lettera C);<\/p><p>-self tape, showreel, book fotografico, o indirizzo sito web, per la lettera D).<\/p><p>I beneficiari realizzano le attivit\u00e0 conformemente a quanto previsto nella richiesta ammessa a contributo. Sono ammissibili le variazioni progettuali, solo se autorizzate da R.A.S.I., che non alterano le condizioni che hanno dato luogo all\u2019assegnazione del contributo alla richiesta medesima.<\/p><p>I beneficiari sono obbligati ad inserire in tutto il materiale video e promozionale inerenti alle attivit\u00e0 di cui all\u2019art.2 lettere A), B), D), del presente bando la frase \u201crealizzato con il contributo di R.A.S.I. Rete Artisti Spettacolo per l\u2019Innovazione\u201c accompagnata dal logo della R.A.S.I. stessa.<em>\u00a0<\/em><\/p><p><em>Art.10<\/em><\/p><p><em>CONTROLLI E DECADENZA<\/em><\/p><p>I beneficiari hanno l&#8217;obbligo di utilizzare i contributi ricevuti a norma delle presenti disposizioni, esclusivamente per le iniziative per le quali sono stati concessi, di comunicare, ove possibile, con email all\u2019indirizzo\u00a0<a href=\"mailto:serviziagliartisti@reteartistispettacolo.it\">serviziagliartisti@reteartistispettacolo.it<\/a>\u00a0il link o il luogo,\u00a0 la data e l\u2019orario dell\u2019iniziativa oggetto del contributo con un preavviso di almeno 7 giorni.<\/p><p>La R.A.S.I. cura il monitoraggio verificando la realizzazione o gli stati di avanzamento delle iniziative sostenute sia sotto il profilo amministrativo ed economico sia nel merito dell&#8217;efficacia dell&#8217;azione rispetto agli impegni assunti dai soggetti beneficiari ed ai benefici attesi, con la possibilit\u00e0 di richiedere chiarimenti ed integrazioni documentali.<\/p><p>Qualora non sia possibile la realizzazione o la continuazione dell\u2019attivit\u00e0 finanziata o si siano verificate variazioni interne all\u2019iniziativa, tali da modificarne sostanzialmente la natura rispetto a quella nota e concordata al momento della concessione e qualora venga accertato, all&#8217;esito della verifica della rendicontazione, l&#8217;uso non corretto dei fondi e servizi erogati o qualora emergano sostanziali discrepanze, omissioni e informazioni non veritiere nella richiesta e nei documenti prodotti dal richiedente, la R.A.S.I. dispone in qualsiasi momento l&#8217;interruzione del sostegno e richiede la restituzione delle eventuali somme gi\u00e0 versate.\u00a0<\/p><p><em>Art.11<\/em><\/p><p><em>ENTRATA IN VIGORE<\/em><\/p><p>Il presente regolamento entra in vigore il giorno successivo alla pubblicazione sul sito web della R.A.S.I.\u00a0<a href=\"http:\/\/www.reteartistispettacolo.it\/\">www.reteartistispettacolo.it<\/a>.<br \/>Per eventuali informazioni e chiarimenti \u00e8 possibile telefonare al numero 06.94364413 dalla ore 09.30 alle ore 12.00 dal lunedi al venerdi escluso i giorni festivi.\u00a0<\/p>\t\t\t\t\t\t\t\t<\/div>\n\t\t\t\t<\/div>\n\t\t\t\t\t<\/div>\n\t\t<\/div>\n\t\t\t\t\t<\/div>\n\t\t<\/section>\n\t\t\t\t<\/div>\n\t\t","protected":false},"excerpt":{"rendered":"<p>Promozione \/ Bandi conclusi Bando tematico ARTISTI IN ISOLAMENTO (DI CUI ALL\u2019ART.7 DELLA LEGGE N.93 DEL 5 FEBBRAIO 1992) Bando tematico per la PROMOZIONE delle attivit\u00e0 professionali degli artisti Scadenza 24.00 del giorno 31 gennaio 2021 BANDO TEMATICO PER LA PROMOZIONE DELLE ATTIVITA\u2019 PROFESSIONALI DEGLI ARTISTI (Di cui all&#8217;Art.7 della legge N.93 del 5 febbraio [&hellip;]<\/p>\n","protected":false},"author":1,"featured_media":0,"parent":0,"menu_order":0,"comment_status":"closed","ping_status":"closed","template":"","meta":{"footnotes":""},"class_list":["post-1442","page","type-page","status-publish","hentry"],"_links":{"self":[{"href":"https:\/\/www.reteartistispettacolo.it\/it\/wp-json\/wp\/v2\/pages\/1442","targetHints":{"allow":["GET"]}}],"collection":[{"href":"https:\/\/www.reteartistispettacolo.it\/it\/wp-json\/wp\/v2\/pages"}],"about":[{"href":"https:\/\/www.reteartistispettacolo.it\/it\/wp-json\/wp\/v2\/types\/page"}],"author":[{"embeddable":true,"href":"https:\/\/www.reteartistispettacolo.it\/it\/wp-json\/wp\/v2\/users\/1"}],"replies":[{"embeddable":true,"href":"https:\/\/www.reteartistispettacolo.it\/it\/wp-json\/wp\/v2\/comments?post=1442"}],"version-history":[{"count":10,"href":"https:\/\/www.reteartistispettacolo.it\/it\/wp-json\/wp\/v2\/pages\/1442\/revisions"}],"predecessor-version":[{"id":1461,"href":"https:\/\/www.reteartistispettacolo.it\/it\/wp-json\/wp\/v2\/pages\/1442\/revisions\/1461"}],"wp:attachment":[{"href":"https:\/\/www.reteartistispettacolo.it\/it\/wp-json\/wp\/v2\/media?parent=1442"}],"curies":[{"name":"wp","href":"https:\/\/api.w.org\/{rel}","templated":true}]}}