{"id":1337,"date":"2023-06-01T22:28:45","date_gmt":"2023-06-01T20:28:45","guid":{"rendered":"https:\/\/www.reteartistispettacolo.it\/?page_id=1337"},"modified":"2023-12-05T23:15:01","modified_gmt":"2023-12-05T22:15:01","slug":"bando-larte-del-precario","status":"publish","type":"page","link":"https:\/\/www.reteartistispettacolo.it\/it\/bando-larte-del-precario\/","title":{"rendered":"Bando l&#8217;arte del precario"},"content":{"rendered":"\t\t<div data-elementor-type=\"wp-page\" data-elementor-id=\"1337\" class=\"elementor elementor-1337\" data-elementor-settings=\"{&quot;ha_cmc_init_switcher&quot;:&quot;no&quot;}\" data-elementor-post-type=\"page\">\n\t\t\t\t\t\t<section class=\"elementor-section elementor-top-section elementor-element elementor-element-8eedbe6 elementor-section-height-min-height elementor-section-boxed elementor-section-height-default elementor-section-items-middle\" data-id=\"8eedbe6\" data-element_type=\"section\" data-e-type=\"section\" data-settings=\"{&quot;background_background&quot;:&quot;gradient&quot;,&quot;_ha_eqh_enable&quot;:false}\">\n\t\t\t\t\t\t\t<div class=\"elementor-background-overlay\"><\/div>\n\t\t\t\t\t\t\t<div class=\"elementor-container elementor-column-gap-default\">\n\t\t\t\t\t<div class=\"elementor-column elementor-col-100 elementor-top-column elementor-element elementor-element-271fd70\" data-id=\"271fd70\" data-element_type=\"column\" data-e-type=\"column\">\n\t\t\t<div class=\"elementor-widget-wrap elementor-element-populated\">\n\t\t\t\t\t\t<div data-ha-element-link=\"{&quot;url&quot;:&quot;https:\\\/\\\/www.reteartistispettacolo.it\\\/it\\\/promozione\\\/&quot;,&quot;is_external&quot;:&quot;&quot;,&quot;nofollow&quot;:&quot;&quot;}\" style=\"cursor: pointer\" class=\"elementor-element elementor-element-50207b8 elementor-widget elementor-widget-text-editor\" data-id=\"50207b8\" data-element_type=\"widget\" data-e-type=\"widget\" data-widget_type=\"text-editor.default\">\n\t\t\t\t<div class=\"elementor-widget-container\">\n\t\t\t\t\t\t\t\t\t<p>Promozione<\/p>\t\t\t\t\t\t\t\t<\/div>\n\t\t\t\t<\/div>\n\t\t\t\t<div class=\"elementor-element elementor-element-aa8b020 elementor-invisible elementor-widget elementor-widget-heading\" data-id=\"aa8b020\" data-element_type=\"widget\" data-e-type=\"widget\" data-settings=\"{&quot;_animation&quot;:&quot;fadeInUp&quot;}\" data-widget_type=\"heading.default\">\n\t\t\t\t<div class=\"elementor-widget-container\">\n\t\t\t\t\t<h2 class=\"elementor-heading-title elementor-size-default\">Bando tematico per la PROMOZIONE delle attivit\u00e0 professionali degli artisti<\/h2>\t\t\t\t<\/div>\n\t\t\t\t<\/div>\n\t\t\t\t<div class=\"elementor-element elementor-element-d08e238 elementor-invisible elementor-widget elementor-widget-heading\" data-id=\"d08e238\" data-element_type=\"widget\" data-e-type=\"widget\" data-settings=\"{&quot;_animation&quot;:&quot;fadeInUp&quot;}\" data-widget_type=\"heading.default\">\n\t\t\t\t<div class=\"elementor-widget-container\">\n\t\t\t\t\t<p class=\"elementor-heading-title elementor-size-default\">(DI CUI ALL\u2019ART.7 DELLA LEGGE N.93 DEL 5 FEBBRAIO 1992)<\/p>\t\t\t\t<\/div>\n\t\t\t\t<\/div>\n\t\t\t\t<div class=\"elementor-element elementor-element-bb0179b elementor-invisible elementor-widget elementor-widget-heading\" data-id=\"bb0179b\" data-element_type=\"widget\" data-e-type=\"widget\" data-settings=\"{&quot;_animation&quot;:&quot;fadeInUp&quot;}\" data-widget_type=\"heading.default\">\n\t\t\t\t<div class=\"elementor-widget-container\">\n\t\t\t\t\t<h1 class=\"elementor-heading-title elementor-size-default\">\"L\u2019ARTE DEL PRECARIO\"<\/h1>\t\t\t\t<\/div>\n\t\t\t\t<\/div>\n\t\t\t\t<div class=\"elementor-element elementor-element-dfc330a elementor-invisible elementor-widget elementor-widget-heading\" data-id=\"dfc330a\" data-element_type=\"widget\" data-e-type=\"widget\" data-settings=\"{&quot;_animation&quot;:&quot;fadeInUp&quot;}\" data-widget_type=\"heading.default\">\n\t\t\t\t<div class=\"elementor-widget-container\">\n\t\t\t\t\t<p class=\"elementor-heading-title elementor-size-default\">Rete Artisti Spettacolo per l'Innovazione<\/p>\t\t\t\t<\/div>\n\t\t\t\t<\/div>\n\t\t\t\t<div class=\"elementor-element elementor-element-767f297 elementor-invisible elementor-widget elementor-widget-heading\" data-id=\"767f297\" data-element_type=\"widget\" data-e-type=\"widget\" data-settings=\"{&quot;_animation&quot;:&quot;fadeInUp&quot;}\" data-widget_type=\"heading.default\">\n\t\t\t\t<div class=\"elementor-widget-container\">\n\t\t\t\t\t<p class=\"elementor-heading-title elementor-size-default\">Scadenza 24.00 del giorno 5 Luglio 2023<\/p>\t\t\t\t<\/div>\n\t\t\t\t<\/div>\n\t\t\t\t\t<\/div>\n\t\t<\/div>\n\t\t\t\t\t<\/div>\n\t\t<\/section>\n\t\t\t\t<section class=\"elementor-section elementor-top-section elementor-element elementor-element-9c7e07d elementor-section-boxed elementor-section-height-default elementor-section-height-default\" data-id=\"9c7e07d\" data-element_type=\"section\" data-e-type=\"section\" data-settings=\"{&quot;background_background&quot;:&quot;classic&quot;,&quot;_ha_eqh_enable&quot;:false}\">\n\t\t\t\t\t\t<div class=\"elementor-container elementor-column-gap-default\">\n\t\t\t\t\t<div class=\"elementor-column elementor-col-50 elementor-top-column elementor-element elementor-element-2d8a2f6\" data-id=\"2d8a2f6\" data-element_type=\"column\" data-e-type=\"column\">\n\t\t\t<div class=\"elementor-widget-wrap elementor-element-populated\">\n\t\t\t\t\t\t<div class=\"elementor-element elementor-element-7a56269 elementor-widget elementor-widget-text-editor\" data-id=\"7a56269\" data-element_type=\"widget\" data-e-type=\"widget\" data-widget_type=\"text-editor.default\">\n\t\t\t\t<div class=\"elementor-widget-container\">\n\t\t\t\t\t\t\t\t\t<p><strong>BANDO: L\u2019ARTE DEL PRECARIO<\/strong><\/p><p><strong>Spunto tematico<\/strong><\/p><p>Essere artisti confina da sempre con l\u2019essere economicamente precari.<\/p><p>Non avere un contratto a tempo indeterminato, non essere quasi mai considerati lavoratori a tutti gli effetti e quindi beneficiare molto raramente delle tutele ovvie per qualunque altro lavoratore \u00e8 considerata una <em>conditio sine qua non<\/em> di chi \u00e8 un artista.<\/p><p>Non \u00e8 raro sentir raccontare dagli artisti con orgoglio del proprio precariato ma quasi tutti questi artisti non hanno problemi economici a cui devono far fronte col guadagno derivante dalla propria arte.<\/p><p>Tutti gli altri si confrontano con prove non pagate, con contratti che non valgono la carta su cui sono redatti, con straordinari non considerati tali, quasi che l\u2019artista dovesse pagare la decisione di fare l\u2019artista, quasi che le arti non siano necessarie al bene comune, alla costruzione di una comunit\u00e0 efficace nei propri comportamenti.<\/p><p>E se fosse cos\u00ec? Se fossimo marginalizzati perch\u00e9 siamo effettivamente marginali? E se, d\u2019altro canto, una minima sicurezza economica assopisse l\u2019urgenza e la capacit\u00e0 creativa dell\u2019artista?<\/p><p>Questo bando si rivolge a tutti gli artisti e a qualunque contenuto, ovviamente, ma crediamo sia il caso di riflettere e produrre anche soggetti artistici che ragionino su queste domande e su questo stato delle cose. Se noi artisti non diamo valore al nostro lavoro, chi lo far\u00e0 per noi?<\/p><p>E\u2019 opportuno precisare che sulla base di uno dei principi primari di R.a.s.i., ovvero quello della piena autonomia artistica degli artisti, \u00e8 anche possibile presentare progetti che non facciano riferimento allo spunto tematico indicato.<\/p><p><strong>Articolo 1<\/strong><\/p><p>OGGETTO<\/p><p>Il presente bando proposto ed approvato dagli artisti del Comitato di Sorveglianza, adottato in base al \u201cRegolamento per le attivit\u00e0 di promozione e patrocinio\u201d e ratificato dal Cda e dall\u2019Assemblea dei soci R.A.S.I., disciplina i criteri e le modalit\u00e0 di partecipazione, assegnazione ed erogazione delle risorse finanziarie nonch\u00e9 le procedure per il monitoraggio e la rendicontazione finalizzati alla realizzazione delle attivit\u00e0 di promozione di cui\u00a0 all\u2019art.7 della Legge n.93 del 5 febbraio 1992 al fine di assicurare equit\u00e0 e trasparenza nonch\u00e9 il miglior impiego delle risorse destinate al conseguimento degli obiettivi.<\/p><p><strong>Articolo 2<\/strong><\/p><p>ATTIVIT\u00c0 AMMISSIBILI E RISORSE<\/p><p>La R.A.S.I. assegna contributi per sostenere in particolare le seguenti attivit\u00e0:<\/p><p><strong>a) Realizzazione di opere cinematografiche o videoclip di brani, inediti, anche con strumenti tecnologici innovativi;<\/strong><\/p><p>Per breve cortometraggio si intende un\u2019opera cinematografica della durata massima di 10 minuti e per strumenti tecnologici innovativi s\u2019intendono smartphone, tablet ecc.<\/p><p><strong>b) Attivit\u00e0 dello spettacolo dal vivo;<\/strong><\/p><p>Produzione di progetti e spettacoli teatrali e concerti musicali, performances, monologhi, assoli, ecc.<\/p><p><strong>c) Formazione professionale anno 2023;<\/strong><\/p><p>La Rasi prosegue ad investire sull\u2019attivit\u00e0 di formazione ed aggiornamento professionale annuale degli artisti che rappresenta, al fine di consentirgli di lavorare sul proprio perfezionamento ed ampliare, in questo modo, le opportunit\u00e0 di lavoro anzich\u00e9 prevedere un eventuale rimborso per l\u2019effettuazione di provini che rischierebbe di relegare il perfezionamento professionale ad un ruolo marginale, senza apportare alcun valore aggiunto al bagaglio professionale, rischiando di assumere un significato di mero sussidio. La formazione professionale annuale prevista pu\u00f2 comprendere le attivit\u00e0 di preparazione per selezioni e provini, coaching per la preparazione di un ruolo, l\u2019iscrizione e la frequenza di percorsi di formazione, di aggiornamento e\/o riqualificazione delle competenze professionali, nonch\u00e9 di corsi di laurea e\/o post lauream e master, inerenti il profilo professionale. Il contributo nella misura massima del 10% sar\u00e0 spendibile per l\u2019acquisto di pubblicazioni, libri, riviste, cd, supporti audiovisivi e musicali, anche in formato digitale, comunque utili all&#8217;aggiornamento professionale;<\/p><p><strong>d) Realizzazione di self tape, showreel, book fotografici, siti web anno 2023;<\/strong><\/p><p>Il self tape \u00e8 un auto-provino che pu\u00f2 essere realizzato anche con il cellulare e pu\u00f2 essere inviato tramite link. Lo showreel \u00e8 un prodotto attraverso il quale vengono riassunti con brevi spezzoni di filmati montati, tutti i punti pi\u00f9 significativi della carriera di un artista.<\/p><p>Le attivit\u00e0 devono essere svolte in Italia<\/p><p>I richiedenti possono presentare una sola richiesta di contributo per la realizzazione di una sola delle attivit\u00e0 di cui ai punti precedenti A) B) C) D); La somma complessivamente stanziata per la realizzazione delle iniziative di cui al presente bando \u00e8 a valere sul Fondo Promozione R.A.S.I.<\/p><p><strong>Articolo 3<\/strong><\/p><p>CARATTERISTICHE DEL SOSTEGNO FINANZIARIO<\/p><p>In considerazione delle diverse caratteristiche delle attivit\u00e0 di cui all\u2019art.2, sulla base della disponibilit\u00e0 finanziaria complessiva, il Comitato di Sorveglianza degli artisti provvede a definire per ciascuna tipologia di progetti prevista all\u2019art.2 del presente bando a)b)c)d) un contributo massimo assegnabile a ciascun progetto. Il contributo massimo assegnabile di cui sopra \u00e8 pari ad un importo massimo di euro <strong>3000,00 al lordo degli oneri fiscali<\/strong>.<\/p><p>La documentazione di rendicontazione relativa alle attivit\u00e0 sostenute nel presente bando dovr\u00e0 pervenire a R.a.s.i. <strong>entro il 29 Febbraio 2024<\/strong>.<\/p><p>Ciascun artista potr\u00e0 presentare una sola richiesta di contributo ai sensi del presente bando e percepire autonomamente qualsiasi altro sostegno finanziario per l\u2019attivit\u00e0 che intende realizzare.<\/p><p>Nel caso di presentazione di pi\u00f9 richieste rimane valida quella cronologicamente presentata per prima.<\/p><p>Gli artisti sono liberi di realizzare le attivit\u00e0 come ritengono opportuno nella piena autonomia artistica.<\/p><p><strong>Articolo 4<\/strong><\/p><p>BENEFICIARI E REQUISITI<\/p><p>Possono beneficiare dei sostegni di cui al presente bando gli artisti singoli, residenti in Italia, soci e\/o mandanti esclusivamente di R.A.S.I. e residenti in Italia, <strong>gi\u00e0 aventi diritto<\/strong>, <strong>ovvero artisti interpreti esecutori che abbiano gi\u00e0 incassato, prima della pubblicazione del bando, i compensi relativi ai diritti connessi di cui alla L.633\/1941.<\/strong><\/p><p>Gli artisti richiedenti il contributo non possono partecipare ad altri progetti presentati nell\u2019ambito del presente bando.<\/p><p>Il mancato possesso di tali requisiti comporter\u00e0 la non ammissibilit\u00e0 al contributo della proposta. La perdita anche di uno dei requisiti intervenuta successivamente all\u2019assegnazione del contributo ma prima del saldo, comporter\u00e0 la decadenza dal contributo concesso con conseguente recupero dell\u2019acconto eventualmente gi\u00e0 erogato.<\/p><p><strong>Articolo 5<\/strong><\/p><p>PRESENTAZIONE DELLA DOMANDA<\/p><p>La richiesta, pena esclusione, per l\u2019ammissione al finanziamento deve essere presentata entro le ore<strong> 24.00 <\/strong><strong>del giorno 5 Luglio 2023 <\/strong><\/p><p>La richiesta deve essere presentata accedendo al seguente link:<\/p><p><a href=\"it\/promozione\/bando-l-arte-del-precario.html\">https:\/\/www.reteartistispettacolo.it\/it\/promozione\/bando-l-arte-del-precario.html<\/a><\/p><p>compilando il format ed inviandolo.<\/p><p>Al modulo devono essere allegati:<\/p><p>a) Relazione illustrativa dell\u2019attivit\u00e0 per la quale si richiede il sostegno con specifica indicazione delle date e del luogo di svolgimento della manifestazione, budget complessivo previsto, piano promo-pubblicitario.<\/p><p>b) copia del documento d\u2019identit\u00e0 del richiedente;<\/p><p>c) breve video di presentazione del progetto da parte del richiedente (facoltativo);<\/p><p>d) curriculum dei partecipanti al progetto (facoltativo);<\/p><p>e) informativa sulla privacy vistata dall\u2019artista per accettazione.<\/p><p><strong>\u00a0<\/strong><\/p><p><strong>Articolo 6<\/strong><\/p><p>ISTRUTTORIA<\/p><p>Le richieste pervenute sono sottoposte ad un\u2019istruttoria formale-amministrativa di ammissibilit\u00e0 volta a verificare il rispetto dei requisiti soggettivi e progettuali di partecipazione, delle modalit\u00e0 e dei termini di presentazione e la completezza della documentazione richiesta.<\/p><p>La carenza di qualsiasi elemento formale della domanda di partecipazione, potr\u00e0 essere regolarizzata mediante aiuto istruttorio. In tal caso, gli uffici R.A.S.I. provvederanno a trasmettere, apposita richiesta di regolarizzazione assegnando al soggetto proponente un termine non superiore a 10 giorni per provvedere. In caso di mancata o incompleta regolarizzazione entro il termine assegnato la richiesta \u00e8 dichiarata non ammissibile alla fase di valutazione e gli uffici R.A.S.I. provvederanno a comunicare la non ammissibilit\u00e0 all\u2019interessato.\u00a0<\/p><p><strong>Articolo 7<\/strong><\/p><p>VALUTAZIONE DELLA RICHIESTA<\/p><p>Il Comitato di Sorveglianza della R.a.s.i., composto da artisti, sulla base della disponibilit\u00e0 finanziaria complessiva provvede a definire per ciascuna tipologia delle attivit\u00e0 previste all\u2019art.2 del presente bando un contributo massimo assegnabile a ciascun progetto.<\/p><p>Procede quindi alla valutazione dei progetti ritenuti ammissibili in base a criteri di qualit\u00e0 artistica ed organizzativa attribuendo agli stessi un punteggio tra il numero 1 ed il numero 5 comprensivi dei decimali. Il contributo per ciascun progetto di ogni tipologia \u00e8 riconosciuto, in base alle risorse disponibili, proporzionalmente al totale del punteggio assegnato. Ai fini della valutazione dei progetti presentati si terr\u00e0 anche conto del numero di artisti mandanti o che aderiranno a R.a.s.i. come nuovi mandanti aventi diritto coinvolti nel progetto, con il riconoscimento di un punteggio bonus per ciascuna delle due categorie. Successivamente il Consiglio di Amministrazione provvede all\u2019approvazione dei contributi proposti.<\/p><p><strong>Articolo 8<\/strong><\/p><p>ASSEGNAZIONE E COMUNICAZIONE DEI CONTRIBUTI<\/p><p>Entro il giorno <strong>21 Luglio 2023<\/strong> sar\u00e0 comunicato agli artisti l\u2019esito della richiesta ed il contributo assegnato al lordo degli oneri fiscali e di legge. I beneficiari dovranno inviare a R.A.S.I. l\u2019accettazione del finanziamento e l\u2019impegno a svolgere la relativa attivit\u00e0 prevista. L\u2019assenza di comunicazioni equivarr\u00e0 alla rinuncia del contributo. Qualora un richiedente rinunciasse allo svolgimento dell\u2019attivit\u00e0 i relativi fondi stanziati ritorneranno nella disponibilit\u00e0 del Fondo Promozione. La R.A.S.I. non assume alcuna responsabilit\u00e0 in merito all&#8217;organizzazione e allo svolgimento delle attivit\u00e0 per cui sono stati concessi i sostegni finanziari e per nessuna tipologia di sinistro e\/o rivendicazione di terzi relativi alle stesse.<\/p><p><strong>Articolo 9<\/strong><\/p><p>EROGAZIONE E RENDICONTAZIONE<\/p><p>L\u2019erogazione del contributo pu\u00f2 avvenire in un\u2019unica soluzione a rendiconto avvenuto o in due rate, secondo le modalit\u00e0 di seguito indicate:<\/p><p>a) un\u2019anticipazione, da richiedersi in sede di accettazione del contributo nella misura del 50% dell\u2019importo concesso previa emissione del relativo documento fiscale da parte del beneficiario;<\/p><p>b) un\u2019erogazione a saldo entro 30 giorni dalla conclusione dell\u2019attivit\u00e0 oggetto del contributo previa la consegna della documentazione fiscale prevista dalla legge e di copia del seguente materiale per le attivit\u00e0 di cui all\u2019art.2:<\/p><p><strong>a) Realizzazione di brevi cortometraggi o videoclip di brani, inediti, anche con strumenti tecnologici innovativi; <\/strong>file con il cortometraggio o videoclip contenente la frase \u201crealizzato con il sostegno di R.A.S.I. Rete Artisti Spettacolo per l\u2019Innovazione\u201d accompagnata dal logo della R.A.S.I. stessa;<\/p><p><strong>b) Attivit\u00e0 dello spettacolo dal vivo;<\/strong><\/p><p>materiale stampato, promozionale, fotografico, video e pubblicitario realizzato riportante la frase \u201crealizzato con il sostegno di R.A.S.I. Rete Artisti Spettacolo per l\u2019Innovazione\u201d accompagnata dal logo della R.A.S.I. stessa;<\/p><p>\u00a0<strong>c) Formazione professionale anno 2022;<\/strong><\/p><p>documentazione relativa all\u2019attivit\u00e0 di formazione svolta con l\u2019eventuale elenco delle eventuali pubblicazioni, libri, riviste, cd, supporti audiovisivi e musicali, anche in formato digitale, con il relativo prezzo di acquisto.<\/p><p><strong>d) Realizzazione di self tape, showreel, book fotografici, siti web;<\/strong><\/p><p>file del self tape o showreel o estratto del book fotografico o indirizzo sito web contenenti la frase \u201crealizzato con il sostegno di R.A.S.I. Rete Artisti Spettacolo per l\u2019Innovazione\u201d accompagnata dal logo della R.A.S.I. stessa;<\/p><p>La rendicontazione pu\u00f2 essere presentata secondo le procedure sopra previste anche \u00a0da Associazione\u00a0 no profit \u00a0soltanto nel caso il beneficiario ne sia\u00a0 il legale rappresentante.<\/p><p><strong>Art.10<\/strong><\/p><p>PROMOZIONE<\/p><p>I beneficiari realizzano le attivit\u00e0 conformemente a quanto previsto nella richiesta ammessa a contributo. Sono ammissibili le variazioni progettuali, solo se autorizzate da R.A.S.I., che non alterano le condizioni che hanno dato luogo all\u2019assegnazione del contributo alla richiesta medesima.<\/p><p>I beneficiari sono obbligati ad inserire in tutto il materiale video e promozionale inerente alle attivit\u00e0 di cui all\u2019art.2 lettere A), B), D), del presente bando la frase \u201crealizzato con il contributo di R.A.S.I. Rete Artisti Spettacolo per l\u2019Innovazione\u201d accompagnata dal logo della R.A.S.I. stessa.<\/p><p>In accordo con ciascun beneficiario R.a.s.i. diffonder\u00e0 i prodotti artistici derivanti dal presente bando nell\u2019ambito dei propri strumenti promozionali disponibili per gli artisti rappresentati (sito, youtube ecc.).<\/p><p><strong>Articolo 11<\/strong><\/p><p>CONTROLLI E DECADENZA<\/p><p>I beneficiari hanno l&#8217;obbligo di utilizzare i contributi ricevuti a norma delle presenti disposizioni, esclusivamente per le iniziative per le quali sono stati concessi e di comunicare con email all\u2019indirizzo <a href=\"mailto:serviziagliartisti@reteartistispettacolo.it\">serviziagliartisti@reteartistispettacolo.it<\/a> il luogo, la data e l\u2019orario in cui viene realizzata l\u2019iniziativa oggetto del contributo con un preavviso di almeno 7 giorni e di trasmettere contemporaneamente a R.A.S.I un invito ad ingresso gratuito per l\u2019iniziativa sostenuta.<\/p><p>La R.A.S.I. cura il monitoraggio verificando la realizzazione o gli stati di avanzamento delle iniziative sostenute sia sotto il profilo amministrativo ed economico sia nel merito dell&#8217;efficacia dell&#8217;azione rispetto agli impegni assunti dai soggetti beneficiari ed ai benefici attesi, con la possibilit\u00e0 di richiedere chiarimenti ed integrazioni documentali.<\/p><p>Qualora non sia possibile la realizzazione o la continuazione dell\u2019attivit\u00e0 finanziata o si siano verificate variazioni interne all\u2019iniziativa, tali da modificarne sostanzialmente la natura rispetto a quella nota e concordata al momento della concessione e qualora venga accertato, all&#8217;esito della verifica della rendicontazione, l&#8217;uso non corretto dei fondi e servizi erogati o qualora emergano sostanziali discrepanze, omissioni e informazioni non veritiere nella richiesta e nei documenti prodotti dal richiedente, la R.A.S.I. dispone in qualsiasi momento l&#8217;interruzione del sostegno e richiede la restituzione delle eventuali somme gi\u00e0 versate.<\/p><p>Articolo12<\/p><p>ENTRATA IN VIGORE<\/p><p>Il presente regolamento entra in vigore il giorno successivo alla pubblicazione sul sito web della R.A.S.I. www.reteartistispettacolo.it.<\/p><p>Per eventuali informazioni e chiarimenti \u00e8 possibile telefonare al numero 06.94364413 dalle ore 09.30 alle ore 12.00 dal luned\u00ec al venerd\u00ec escluso i giorni festivi.<\/p>\t\t\t\t\t\t\t\t<\/div>\n\t\t\t\t<\/div>\n\t\t\t\t\t<\/div>\n\t\t<\/div>\n\t\t\t\t<div class=\"elementor-column elementor-col-50 elementor-top-column elementor-element elementor-element-11cd0c6\" data-id=\"11cd0c6\" data-element_type=\"column\" data-e-type=\"column\">\n\t\t\t<div class=\"elementor-widget-wrap\">\n\t\t\t\t\t\t\t<\/div>\n\t\t<\/div>\n\t\t\t\t\t<\/div>\n\t\t<\/section>\n\t\t\t\t<section class=\"elementor-section elementor-top-section elementor-element elementor-element-3a7a15d elementor-hidden-desktop elementor-hidden-tablet elementor-hidden-mobile elementor-section-boxed elementor-section-height-default elementor-section-height-default\" data-id=\"3a7a15d\" data-element_type=\"section\" data-e-type=\"section\" data-settings=\"{&quot;background_background&quot;:&quot;classic&quot;,&quot;_ha_eqh_enable&quot;:false}\">\n\t\t\t\t\t\t<div class=\"elementor-container elementor-column-gap-default\">\n\t\t\t\t\t<div class=\"elementor-column elementor-col-50 elementor-top-column elementor-element elementor-element-ad10fec\" data-id=\"ad10fec\" data-element_type=\"column\" data-e-type=\"column\">\n\t\t\t<div class=\"elementor-widget-wrap elementor-element-populated\">\n\t\t\t\t\t\t<div class=\"elementor-element elementor-element-8fbdc0d elementor-widget elementor-widget-accordion\" data-id=\"8fbdc0d\" data-element_type=\"widget\" data-e-type=\"widget\" data-widget_type=\"accordion.default\">\n\t\t\t\t<div class=\"elementor-widget-container\">\n\t\t\t\t\t\t\t<div class=\"elementor-accordion\">\n\t\t\t\t\t\t\t<div class=\"elementor-accordion-item\">\n\t\t\t\t\t<div id=\"elementor-tab-title-1501\" class=\"elementor-tab-title\" data-tab=\"1\" role=\"button\" aria-controls=\"elementor-tab-content-1501\" aria-expanded=\"false\">\n\t\t\t\t\t\t\t\t\t\t\t\t\t<span class=\"elementor-accordion-icon elementor-accordion-icon-left\" aria-hidden=\"true\">\n\t\t\t\t\t\t\t\t\t\t\t\t\t\t\t<span class=\"elementor-accordion-icon-closed\"><svg class=\"e-font-icon-svg e-fas-plus\" viewBox=\"0 0 448 512\" xmlns=\"http:\/\/www.w3.org\/2000\/svg\"><path d=\"M416 208H272V64c0-17.67-14.33-32-32-32h-32c-17.67 0-32 14.33-32 32v144H32c-17.67 0-32 14.33-32 32v32c0 17.67 14.33 32 32 32h144v144c0 17.67 14.33 32 32 32h32c17.67 0 32-14.33 32-32V304h144c17.67 0 32-14.33 32-32v-32c0-17.67-14.33-32-32-32z\"><\/path><\/svg><\/span>\n\t\t\t\t\t\t\t\t<span class=\"elementor-accordion-icon-opened\"><svg class=\"e-font-icon-svg e-fas-minus\" viewBox=\"0 0 448 512\" xmlns=\"http:\/\/www.w3.org\/2000\/svg\"><path d=\"M416 208H32c-17.67 0-32 14.33-32 32v32c0 17.67 14.33 32 32 32h384c17.67 0 32-14.33 32-32v-32c0-17.67-14.33-32-32-32z\"><\/path><\/svg><\/span>\n\t\t\t\t\t\t\t\t\t\t\t\t\t\t<\/span>\n\t\t\t\t\t\t\t\t\t\t\t\t<a class=\"elementor-accordion-title\" tabindex=\"0\">OGGETTO E AMBITO TERRITORIALE<\/a>\n\t\t\t\t\t<\/div>\n\t\t\t\t\t<div id=\"elementor-tab-content-1501\" class=\"elementor-tab-content elementor-clearfix\" data-tab=\"1\" role=\"region\" aria-labelledby=\"elementor-tab-title-1501\"><ol><li>Il presente Regolamento disciplina gli strumenti, le modalit\u00e0 ed i criteri generali attraverso i quali sono individuate e selezionate le iniziative da sostenere e promuovere da parte di R.A.S.I. per assicurare la trasparenza dell&#8217;attivit\u00e0 degli organi della R.A.S.I. e delle motivazioni delle scelte operate, il rispetto degli interessi contemplati nello statuto, la migliore utilizzazione delle risorse e l&#8217;efficacia degli interventi.<\/li><li>Il Regolamento \u00e8 stato predisposto tenendo conto dello statuto sociale, dell\u2019articolo 71 octies della Legge 633 del 1941, dell\u2019art.7 della Legge n.93 del 5 febbraio 1992, dell\u2019Art.16 del Decreto Legislativo n.35 del 15 marzo 2017.<\/li><li>La R.A.S.I. ha sede legale in Roma ma svolge la sua attivit\u00e0 sull\u2019intero territorio nazionale ed in campo internazionale.<\/li><li>La R.A.S.I. pu\u00f2 effettuare interventi di carattere straordinario in campo internazionale in presenza di ragioni di opportunit\u00e0 e convenienza, quali il raggiungimento di una maggiore efficacia degli interventi in funzione dei propri obiettivi ed esigenze di partecipazione ad importanti iniziative promozionali. La relativa delibera deve indicare la motivazione sottostante all&#8217;intervento.<\/li><\/ol><\/div>\n\t\t\t\t<\/div>\n\t\t\t\t\t\t\t<div class=\"elementor-accordion-item\">\n\t\t\t\t\t<div id=\"elementor-tab-title-1502\" class=\"elementor-tab-title\" data-tab=\"2\" role=\"button\" aria-controls=\"elementor-tab-content-1502\" aria-expanded=\"false\">\n\t\t\t\t\t\t\t\t\t\t\t\t\t<span class=\"elementor-accordion-icon elementor-accordion-icon-left\" aria-hidden=\"true\">\n\t\t\t\t\t\t\t\t\t\t\t\t\t\t\t<span class=\"elementor-accordion-icon-closed\"><svg class=\"e-font-icon-svg e-fas-plus\" viewBox=\"0 0 448 512\" xmlns=\"http:\/\/www.w3.org\/2000\/svg\"><path d=\"M416 208H272V64c0-17.67-14.33-32-32-32h-32c-17.67 0-32 14.33-32 32v144H32c-17.67 0-32 14.33-32 32v32c0 17.67 14.33 32 32 32h144v144c0 17.67 14.33 32 32 32h32c17.67 0 32-14.33 32-32V304h144c17.67 0 32-14.33 32-32v-32c0-17.67-14.33-32-32-32z\"><\/path><\/svg><\/span>\n\t\t\t\t\t\t\t\t<span class=\"elementor-accordion-icon-opened\"><svg class=\"e-font-icon-svg e-fas-minus\" viewBox=\"0 0 448 512\" xmlns=\"http:\/\/www.w3.org\/2000\/svg\"><path d=\"M416 208H32c-17.67 0-32 14.33-32 32v32c0 17.67 14.33 32 32 32h384c17.67 0 32-14.33 32-32v-32c0-17.67-14.33-32-32-32z\"><\/path><\/svg><\/span>\n\t\t\t\t\t\t\t\t\t\t\t\t\t\t<\/span>\n\t\t\t\t\t\t\t\t\t\t\t\t<a class=\"elementor-accordion-title\" tabindex=\"0\">PRINCIPI<\/a>\n\t\t\t\t\t<\/div>\n\t\t\t\t\t<div id=\"elementor-tab-content-1502\" class=\"elementor-tab-content elementor-clearfix\" data-tab=\"2\" role=\"region\" aria-labelledby=\"elementor-tab-title-1502\"><ol><li>La R.A.S.I., definisce in piena libert\u00e0, autonomia e indipendenza di giudizio la proprie strategie e modalit\u00e0 di intervento e opera secondo criteri di equit\u00e0, economicit\u00e0, di programmazione, di trasparenza e di non discriminazione, dando rilievo alla valenza sociale, culturale, economica e ambientale delle iniziative.<\/li><li>Ai fini che precedono e anche allo scopo di preservare il patrimonio nell&#8217;interesse delle generazioni future, i flussi annui di spesa totale, comprensivi di erogazioni e di spese di struttura, devono essere coerenti con i flussi reddituali generali nel rispetto delle scelte strategiche di investimento definite dall\u2019Assemblea dei Soci.<\/li><\/ol><\/div>\n\t\t\t\t<\/div>\n\t\t\t\t\t\t\t<div class=\"elementor-accordion-item\">\n\t\t\t\t\t<div id=\"elementor-tab-title-1503\" class=\"elementor-tab-title\" data-tab=\"3\" role=\"button\" aria-controls=\"elementor-tab-content-1503\" aria-expanded=\"false\">\n\t\t\t\t\t\t\t\t\t\t\t\t\t<span class=\"elementor-accordion-icon elementor-accordion-icon-left\" aria-hidden=\"true\">\n\t\t\t\t\t\t\t\t\t\t\t\t\t\t\t<span class=\"elementor-accordion-icon-closed\"><svg class=\"e-font-icon-svg e-fas-plus\" viewBox=\"0 0 448 512\" xmlns=\"http:\/\/www.w3.org\/2000\/svg\"><path d=\"M416 208H272V64c0-17.67-14.33-32-32-32h-32c-17.67 0-32 14.33-32 32v144H32c-17.67 0-32 14.33-32 32v32c0 17.67 14.33 32 32 32h144v144c0 17.67 14.33 32 32 32h32c17.67 0 32-14.33 32-32V304h144c17.67 0 32-14.33 32-32v-32c0-17.67-14.33-32-32-32z\"><\/path><\/svg><\/span>\n\t\t\t\t\t\t\t\t<span class=\"elementor-accordion-icon-opened\"><svg class=\"e-font-icon-svg e-fas-minus\" viewBox=\"0 0 448 512\" xmlns=\"http:\/\/www.w3.org\/2000\/svg\"><path d=\"M416 208H32c-17.67 0-32 14.33-32 32v32c0 17.67 14.33 32 32 32h384c17.67 0 32-14.33 32-32v-32c0-17.67-14.33-32-32-32z\"><\/path><\/svg><\/span>\n\t\t\t\t\t\t\t\t\t\t\t\t\t\t<\/span>\n\t\t\t\t\t\t\t\t\t\t\t\t<a class=\"elementor-accordion-title\" tabindex=\"0\">MODALITA\u2019 DI INTERVENTO<\/a>\n\t\t\t\t\t<\/div>\n\t\t\t\t\t<div id=\"elementor-tab-content-1503\" class=\"elementor-tab-content elementor-clearfix\" data-tab=\"3\" role=\"region\" aria-labelledby=\"elementor-tab-title-1503\"><ol><li><p>La R.A.S.I. svolge la propria attivit\u00e0 istituzionale attraverso:<\/p><ol><li>a) la realizzazione di iniziative, attivit\u00e0 e progetti propri o altre modalit\u00e0 di intervento ritenute idonee in funzione degli specifici obiettivi perseguiti, diretta o tramite strutture nelle quali detenga quote di maggioranza o tramite terzi nel rispetto dei vincoli statutari e di legge;<\/li><li>b) l&#8217;erogazione di contributi, finanziamenti, sostegni diretti e indiretti a favore dei propri artisti mandanti per loro attivit\u00e0, iniziative e progetti a seguito di partecipazione a BANDI TEMATICI indetti dalla R.A.S.I., rientranti nei settori in cui opera la stessa e destinati a produrre risultati rilevanti in un arco temporale determinato;<\/li><\/ol><p>Le iniziative di cui ai punti precedenti possono esaurirsi in un unico esercizio o essere sviluppate nell&#8217;ambito di un programma pluriennale o continuativo.<\/p><\/li><\/ol><\/div>\n\t\t\t\t<\/div>\n\t\t\t\t\t\t\t<div class=\"elementor-accordion-item\">\n\t\t\t\t\t<div id=\"elementor-tab-title-1504\" class=\"elementor-tab-title\" data-tab=\"4\" role=\"button\" aria-controls=\"elementor-tab-content-1504\" aria-expanded=\"false\">\n\t\t\t\t\t\t\t\t\t\t\t\t\t<span class=\"elementor-accordion-icon elementor-accordion-icon-left\" aria-hidden=\"true\">\n\t\t\t\t\t\t\t\t\t\t\t\t\t\t\t<span class=\"elementor-accordion-icon-closed\"><svg class=\"e-font-icon-svg e-fas-plus\" viewBox=\"0 0 448 512\" xmlns=\"http:\/\/www.w3.org\/2000\/svg\"><path d=\"M416 208H272V64c0-17.67-14.33-32-32-32h-32c-17.67 0-32 14.33-32 32v144H32c-17.67 0-32 14.33-32 32v32c0 17.67 14.33 32 32 32h144v144c0 17.67 14.33 32 32 32h32c17.67 0 32-14.33 32-32V304h144c17.67 0 32-14.33 32-32v-32c0-17.67-14.33-32-32-32z\"><\/path><\/svg><\/span>\n\t\t\t\t\t\t\t\t<span class=\"elementor-accordion-icon-opened\"><svg class=\"e-font-icon-svg e-fas-minus\" viewBox=\"0 0 448 512\" xmlns=\"http:\/\/www.w3.org\/2000\/svg\"><path d=\"M416 208H32c-17.67 0-32 14.33-32 32v32c0 17.67 14.33 32 32 32h384c17.67 0 32-14.33 32-32v-32c0-17.67-14.33-32-32-32z\"><\/path><\/svg><\/span>\n\t\t\t\t\t\t\t\t\t\t\t\t\t\t<\/span>\n\t\t\t\t\t\t\t\t\t\t\t\t<a class=\"elementor-accordion-title\" tabindex=\"0\">SETTORI DI INTERVENTO<\/a>\n\t\t\t\t\t<\/div>\n\t\t\t\t\t<div id=\"elementor-tab-content-1504\" class=\"elementor-tab-content elementor-clearfix\" data-tab=\"4\" role=\"region\" aria-labelledby=\"elementor-tab-title-1504\"><p>La R.A.S.I. realizza la propria attivit\u00e0 diretta o tramite bandi esclusivamente nei settori ammessi di cui all\u2019art.7 della Legge n.93 del 5 febbraio 1992 ed agli articoli 16 e 19 del Decreto Legislativo n.35 del 15 marzo.<\/p><ol><li>In riferimento all\u2019art.7 della Legge n.93 del 5 febbraio 1992 la R.A.S.I. utilizza la quota di cui all\u2019art.71octies,comma 3 della legge 22 aprile 1941 n.633 per le attivit\u00e0 di studio e di ricerca nonch\u00e9 per i fini di promozione, di formazione e di sostegno professionale degli artisti interpreti esecutori.<\/li><li>In riferimento all\u2019art.16 del Decreto Legislativo n.35 del 15 marzo la R.A.S.I., previa delibera degli organi sociali competenti, pu\u00f2 finanziare servizi sociali, culturali o educativi mediante detrazioni dai proventi dei diritti o da eventuali introiti provenienti dal loro investimento,. Tali servizi sono prestati sulla base di criteri equi, in particolare in relazione all\u2019accesso e alla loro portata.<\/li><li>In riferimento all\u2019art.19 del Decreto Legislativo n.35 del 15 marzo la R.A.S.I., previa delibera dell\u2019assemblea generale, pu\u00f2 utilizzare i proventi non distribuibili ai titolari dei diritti per finanziare attivit\u00e0 sociali, culturali ed educative ad esclusivo beneficio dei titolari dei diritti.<\/li><\/ol><p>La R.A.S.I. raccoglie ed elabora informazioni sul complesso delle iniziative sostenute per ambiti o settori al fine di trarne indicazioni in merito ai risultati dell&#8217;azione svolta e quale utile riferimento ai fini della programmazione dell&#8217;attivit\u00e0 dei periodi successivi.<\/p><\/div>\n\t\t\t\t<\/div>\n\t\t\t\t\t\t\t<div class=\"elementor-accordion-item\">\n\t\t\t\t\t<div id=\"elementor-tab-title-1505\" class=\"elementor-tab-title\" data-tab=\"5\" role=\"button\" aria-controls=\"elementor-tab-content-1505\" aria-expanded=\"false\">\n\t\t\t\t\t\t\t\t\t\t\t\t\t<span class=\"elementor-accordion-icon elementor-accordion-icon-left\" aria-hidden=\"true\">\n\t\t\t\t\t\t\t\t\t\t\t\t\t\t\t<span class=\"elementor-accordion-icon-closed\"><svg class=\"e-font-icon-svg e-fas-plus\" viewBox=\"0 0 448 512\" xmlns=\"http:\/\/www.w3.org\/2000\/svg\"><path d=\"M416 208H272V64c0-17.67-14.33-32-32-32h-32c-17.67 0-32 14.33-32 32v144H32c-17.67 0-32 14.33-32 32v32c0 17.67 14.33 32 32 32h144v144c0 17.67 14.33 32 32 32h32c17.67 0 32-14.33 32-32V304h144c17.67 0 32-14.33 32-32v-32c0-17.67-14.33-32-32-32z\"><\/path><\/svg><\/span>\n\t\t\t\t\t\t\t\t<span class=\"elementor-accordion-icon-opened\"><svg class=\"e-font-icon-svg e-fas-minus\" viewBox=\"0 0 448 512\" xmlns=\"http:\/\/www.w3.org\/2000\/svg\"><path d=\"M416 208H32c-17.67 0-32 14.33-32 32v32c0 17.67 14.33 32 32 32h384c17.67 0 32-14.33 32-32v-32c0-17.67-14.33-32-32-32z\"><\/path><\/svg><\/span>\n\t\t\t\t\t\t\t\t\t\t\t\t\t\t<\/span>\n\t\t\t\t\t\t\t\t\t\t\t\t<a class=\"elementor-accordion-title\" tabindex=\"0\">COSTITUZIONE DEL FONDO PROMOZIONE<\/a>\n\t\t\t\t\t<\/div>\n\t\t\t\t\t<div id=\"elementor-tab-content-1505\" class=\"elementor-tab-content elementor-clearfix\" data-tab=\"5\" role=\"region\" aria-labelledby=\"elementor-tab-title-1505\"><p>Ai fini di una maggiore efficienza di gestione, con il presente regolamento \u00e8 costituito il FONDO PROMOZIONE alimentato dalle risorse provenienti dall\u2019articolo 71 octies comma 3 della Legge 633 del 1941 e destinato a finanziare i bandi relativi alle attivit\u00e0 di studio e di ricerca nonch\u00e9 per i fini di promozione, di formazione e di sostegno professionale degli artisti interpreti esecutori di cui all\u2019art.7 della Legge n.93 del 5 febbraio 1992.<\/p><\/div>\n\t\t\t\t<\/div>\n\t\t\t\t\t\t\t<div class=\"elementor-accordion-item\">\n\t\t\t\t\t<div id=\"elementor-tab-title-1506\" class=\"elementor-tab-title\" data-tab=\"6\" role=\"button\" aria-controls=\"elementor-tab-content-1506\" aria-expanded=\"false\">\n\t\t\t\t\t\t\t\t\t\t\t\t\t<span class=\"elementor-accordion-icon elementor-accordion-icon-left\" aria-hidden=\"true\">\n\t\t\t\t\t\t\t\t\t\t\t\t\t\t\t<span class=\"elementor-accordion-icon-closed\"><svg class=\"e-font-icon-svg e-fas-plus\" viewBox=\"0 0 448 512\" xmlns=\"http:\/\/www.w3.org\/2000\/svg\"><path d=\"M416 208H272V64c0-17.67-14.33-32-32-32h-32c-17.67 0-32 14.33-32 32v144H32c-17.67 0-32 14.33-32 32v32c0 17.67 14.33 32 32 32h144v144c0 17.67 14.33 32 32 32h32c17.67 0 32-14.33 32-32V304h144c17.67 0 32-14.33 32-32v-32c0-17.67-14.33-32-32-32z\"><\/path><\/svg><\/span>\n\t\t\t\t\t\t\t\t<span class=\"elementor-accordion-icon-opened\"><svg class=\"e-font-icon-svg e-fas-minus\" viewBox=\"0 0 448 512\" xmlns=\"http:\/\/www.w3.org\/2000\/svg\"><path d=\"M416 208H32c-17.67 0-32 14.33-32 32v32c0 17.67 14.33 32 32 32h384c17.67 0 32-14.33 32-32v-32c0-17.67-14.33-32-32-32z\"><\/path><\/svg><\/span>\n\t\t\t\t\t\t\t\t\t\t\t\t\t\t<\/span>\n\t\t\t\t\t\t\t\t\t\t\t\t<a class=\"elementor-accordion-title\" tabindex=\"0\">PROGETTI R.A.S.I.<\/a>\n\t\t\t\t\t<\/div>\n\t\t\t\t\t<div id=\"elementor-tab-content-1506\" class=\"elementor-tab-content elementor-clearfix\" data-tab=\"6\" role=\"region\" aria-labelledby=\"elementor-tab-title-1506\"><ol><li>La R.A.S.I. pu\u00f2 realizzare iniziative e progetti propri che sono realizzati anche a seguito della valutazione di possibili soluzioni alternative per perseguire con maggiore efficacia ed efficienza gli obiettivi programmati<\/li><li>Il Comitato di Sorveglianza predispone la necessaria istruttoria tecnica ed il Consiglio di Amministrazione approva il programma esecutivo, anche mediante assegnazione di appalti e conferimento di incarichi, rispettando criteri di efficienza, tempestivit\u00e0 e massima economicit\u00e0.<\/li><li>L&#8217;istituzione di imprese strumentali deve essere deliberata dall\u2019Assemblea generale, su proposta del Consiglio di Amministrazione.<\/li><li>La R.A.S.I. pu\u00f2 partecipare anche a progetti e iniziative in collaborazione o cooperazione con altri organismi.<\/li><\/ol><\/div>\n\t\t\t\t<\/div>\n\t\t\t\t\t\t\t<div class=\"elementor-accordion-item\">\n\t\t\t\t\t<div id=\"elementor-tab-title-1507\" class=\"elementor-tab-title\" data-tab=\"7\" role=\"button\" aria-controls=\"elementor-tab-content-1507\" aria-expanded=\"false\">\n\t\t\t\t\t\t\t\t\t\t\t\t\t<span class=\"elementor-accordion-icon elementor-accordion-icon-left\" aria-hidden=\"true\">\n\t\t\t\t\t\t\t\t\t\t\t\t\t\t\t<span class=\"elementor-accordion-icon-closed\"><svg class=\"e-font-icon-svg e-fas-plus\" viewBox=\"0 0 448 512\" xmlns=\"http:\/\/www.w3.org\/2000\/svg\"><path d=\"M416 208H272V64c0-17.67-14.33-32-32-32h-32c-17.67 0-32 14.33-32 32v144H32c-17.67 0-32 14.33-32 32v32c0 17.67 14.33 32 32 32h144v144c0 17.67 14.33 32 32 32h32c17.67 0 32-14.33 32-32V304h144c17.67 0 32-14.33 32-32v-32c0-17.67-14.33-32-32-32z\"><\/path><\/svg><\/span>\n\t\t\t\t\t\t\t\t<span class=\"elementor-accordion-icon-opened\"><svg class=\"e-font-icon-svg e-fas-minus\" viewBox=\"0 0 448 512\" xmlns=\"http:\/\/www.w3.org\/2000\/svg\"><path d=\"M416 208H32c-17.67 0-32 14.33-32 32v32c0 17.67 14.33 32 32 32h384c17.67 0 32-14.33 32-32v-32c0-17.67-14.33-32-32-32z\"><\/path><\/svg><\/span>\n\t\t\t\t\t\t\t\t\t\t\t\t\t\t<\/span>\n\t\t\t\t\t\t\t\t\t\t\t\t<a class=\"elementor-accordion-title\" tabindex=\"0\">ORGANISMI CONSULTIVI<\/a>\n\t\t\t\t\t<\/div>\n\t\t\t\t\t<div id=\"elementor-tab-content-1507\" class=\"elementor-tab-content elementor-clearfix\" data-tab=\"7\" role=\"region\" aria-labelledby=\"elementor-tab-title-1507\"><p>1.Per ciascun bando il Consiglio di Amministrazione d\u2019accordo con il Comitato di Sorveglianza pu\u00f2 designare esperti esterni, dotati di comprovata professionalit\u00e0 nei settori di competenza, con funzione di consulenti sia per la valutazione sia per l&#8217;eventuale verifica dello stato di realizzazione delle iniziative. In particolare pu\u00f2 anche nominare Commissioni tecniche e scientifiche formate da esperti, scelti tra personalit\u00e0 di particolare competenza ed esperienza nelle materie di intervento della R.A.S.I.. A tali Commissioni pu\u00f2 essere conferito un ruolo di consulenza nella valutazione tecnica delle iniziative, nonch\u00e9 di verifica dello stato di realizzazione e dei risultati delle iniziative approvate.<\/p><p>2.Il membro degli organi competenti alla valutazione che si trovi in una situazione di conflitto di interessi, in quanto direttamente o indirettamente interessato all&#8217;accoglimento di un\u2019istanza, deve assentarsi da qualsiasi riunione in cui si discuta dell\u2019accoglimento della stessa per tutto il tempo in cui la richiesta \u00e8 discussa e deliberata.<\/p><\/div>\n\t\t\t\t<\/div>\n\t\t\t\t\t\t\t<div class=\"elementor-accordion-item\">\n\t\t\t\t\t<div id=\"elementor-tab-title-1508\" class=\"elementor-tab-title\" data-tab=\"8\" role=\"button\" aria-controls=\"elementor-tab-content-1508\" aria-expanded=\"false\">\n\t\t\t\t\t\t\t\t\t\t\t\t\t<span class=\"elementor-accordion-icon elementor-accordion-icon-left\" aria-hidden=\"true\">\n\t\t\t\t\t\t\t\t\t\t\t\t\t\t\t<span class=\"elementor-accordion-icon-closed\"><svg class=\"e-font-icon-svg e-fas-plus\" viewBox=\"0 0 448 512\" xmlns=\"http:\/\/www.w3.org\/2000\/svg\"><path d=\"M416 208H272V64c0-17.67-14.33-32-32-32h-32c-17.67 0-32 14.33-32 32v144H32c-17.67 0-32 14.33-32 32v32c0 17.67 14.33 32 32 32h144v144c0 17.67 14.33 32 32 32h32c17.67 0 32-14.33 32-32V304h144c17.67 0 32-14.33 32-32v-32c0-17.67-14.33-32-32-32z\"><\/path><\/svg><\/span>\n\t\t\t\t\t\t\t\t<span class=\"elementor-accordion-icon-opened\"><svg class=\"e-font-icon-svg e-fas-minus\" viewBox=\"0 0 448 512\" xmlns=\"http:\/\/www.w3.org\/2000\/svg\"><path d=\"M416 208H32c-17.67 0-32 14.33-32 32v32c0 17.67 14.33 32 32 32h384c17.67 0 32-14.33 32-32v-32c0-17.67-14.33-32-32-32z\"><\/path><\/svg><\/span>\n\t\t\t\t\t\t\t\t\t\t\t\t\t\t<\/span>\n\t\t\t\t\t\t\t\t\t\t\t\t<a class=\"elementor-accordion-title\" tabindex=\"0\">BANDI<\/a>\n\t\t\t\t\t<\/div>\n\t\t\t\t\t<div id=\"elementor-tab-content-1508\" class=\"elementor-tab-content elementor-clearfix\" data-tab=\"8\" role=\"region\" aria-labelledby=\"elementor-tab-title-1508\"><ol><li>La decisione sul sostegno e la scelta fra le diverse iniziative deve avvenire in parit\u00e0 di trattamento sulla base dei principi di trasparenza, imparzialit\u00e0, equit\u00e0 e comparazione.<\/li><li>I bandi devono prevedere il termine entro il quale sono esaminate le proposte presentate e comunicati i risultati nonch\u00e9, qualora previsto, la concessione di anticipi fino al 50% e l&#8217;erogazione totale del contributo una volta che l&#8217;iniziativa o il progetto siano stati realizzati e adempiute le condizioni eventualmente poste di rendicontazione. Ove possibile, devono prevedere forme di vigilanza sull\u2019effettiva realizzazione dell\u2019iniziativa e che il contributo venga erogato entro 30 giorni dal ricevimento della documentazione prevista dal bando stesso.<\/li><li>I bandi devono prevedere la revoca del contributo o del sostegno qualora non sia possibile la realizzazione o la continuazione del progetto o si siano verificate variazioni interne al progetto o iniziativa, tali da modificarne sostanzialmente la natura rispetto a quella nota e concordata al momento della concessione. Qualora venga accertato, all&#8217;esito della verifica della rendicontazione, l&#8217;uso non corretto dei fondi e servizi erogati o qualora emergano sostanziali discrepanze, omissioni e informazioni non veritiere nella domanda e nei documenti prodotti dal richiedente, la R.A.S.I. potr\u00e0 in qualsiasi momento disporre l&#8217;interruzione del sostegno e richiedere la restituzione delle eventuali somme gi\u00e0 eventualmente versate;<\/li><\/ol><\/div>\n\t\t\t\t<\/div>\n\t\t\t\t\t\t\t<div class=\"elementor-accordion-item\">\n\t\t\t\t\t<div id=\"elementor-tab-title-1509\" class=\"elementor-tab-title\" data-tab=\"9\" role=\"button\" aria-controls=\"elementor-tab-content-1509\" aria-expanded=\"false\">\n\t\t\t\t\t\t\t\t\t\t\t\t\t<span class=\"elementor-accordion-icon elementor-accordion-icon-left\" aria-hidden=\"true\">\n\t\t\t\t\t\t\t\t\t\t\t\t\t\t\t<span class=\"elementor-accordion-icon-closed\"><svg class=\"e-font-icon-svg e-fas-plus\" viewBox=\"0 0 448 512\" xmlns=\"http:\/\/www.w3.org\/2000\/svg\"><path d=\"M416 208H272V64c0-17.67-14.33-32-32-32h-32c-17.67 0-32 14.33-32 32v144H32c-17.67 0-32 14.33-32 32v32c0 17.67 14.33 32 32 32h144v144c0 17.67 14.33 32 32 32h32c17.67 0 32-14.33 32-32V304h144c17.67 0 32-14.33 32-32v-32c0-17.67-14.33-32-32-32z\"><\/path><\/svg><\/span>\n\t\t\t\t\t\t\t\t<span class=\"elementor-accordion-icon-opened\"><svg class=\"e-font-icon-svg e-fas-minus\" viewBox=\"0 0 448 512\" xmlns=\"http:\/\/www.w3.org\/2000\/svg\"><path d=\"M416 208H32c-17.67 0-32 14.33-32 32v32c0 17.67 14.33 32 32 32h384c17.67 0 32-14.33 32-32v-32c0-17.67-14.33-32-32-32z\"><\/path><\/svg><\/span>\n\t\t\t\t\t\t\t\t\t\t\t\t\t\t<\/span>\n\t\t\t\t\t\t\t\t\t\t\t\t<a class=\"elementor-accordion-title\" tabindex=\"0\">MONITORAGGIO<\/a>\n\t\t\t\t\t<\/div>\n\t\t\t\t\t<div id=\"elementor-tab-content-1509\" class=\"elementor-tab-content elementor-clearfix\" data-tab=\"9\" role=\"region\" aria-labelledby=\"elementor-tab-title-1509\"><p>La R.A.S.I. verifica la realizzazione o gli stati di avanzamento delle iniziative e dei progetti sostenuti sia sotto il profilo amministrativo ed economico sia nel merito dell&#8217;efficacia dell&#8217;azione rispetto agli impegni assunti dai soggetti beneficiari, ai benefici attesi, all&#8217;impatto per il territorio e la collettivit\u00e0, tenendo conto della dimensione dell\u2019intervento o del contributo e della natura e complessit\u00e0 del progetto.<\/p><\/div>\n\t\t\t\t<\/div>\n\t\t\t\t\t\t\t<div class=\"elementor-accordion-item\">\n\t\t\t\t\t<div id=\"elementor-tab-title-15010\" class=\"elementor-tab-title\" data-tab=\"10\" role=\"button\" aria-controls=\"elementor-tab-content-15010\" aria-expanded=\"false\">\n\t\t\t\t\t\t\t\t\t\t\t\t\t<span class=\"elementor-accordion-icon elementor-accordion-icon-left\" aria-hidden=\"true\">\n\t\t\t\t\t\t\t\t\t\t\t\t\t\t\t<span class=\"elementor-accordion-icon-closed\"><svg class=\"e-font-icon-svg e-fas-plus\" viewBox=\"0 0 448 512\" xmlns=\"http:\/\/www.w3.org\/2000\/svg\"><path d=\"M416 208H272V64c0-17.67-14.33-32-32-32h-32c-17.67 0-32 14.33-32 32v144H32c-17.67 0-32 14.33-32 32v32c0 17.67 14.33 32 32 32h144v144c0 17.67 14.33 32 32 32h32c17.67 0 32-14.33 32-32V304h144c17.67 0 32-14.33 32-32v-32c0-17.67-14.33-32-32-32z\"><\/path><\/svg><\/span>\n\t\t\t\t\t\t\t\t<span class=\"elementor-accordion-icon-opened\"><svg class=\"e-font-icon-svg e-fas-minus\" viewBox=\"0 0 448 512\" xmlns=\"http:\/\/www.w3.org\/2000\/svg\"><path d=\"M416 208H32c-17.67 0-32 14.33-32 32v32c0 17.67 14.33 32 32 32h384c17.67 0 32-14.33 32-32v-32c0-17.67-14.33-32-32-32z\"><\/path><\/svg><\/span>\n\t\t\t\t\t\t\t\t\t\t\t\t\t\t<\/span>\n\t\t\t\t\t\t\t\t\t\t\t\t<a class=\"elementor-accordion-title\" tabindex=\"0\">CONCESSIONE DI PATROCINIO<\/a>\n\t\t\t\t\t<\/div>\n\t\t\t\t\t<div id=\"elementor-tab-content-15010\" class=\"elementor-tab-content elementor-clearfix\" data-tab=\"10\" role=\"region\" aria-labelledby=\"elementor-tab-title-15010\"><p>La R.A.S.I. pu\u00f2 concedere il patrocinio gratuito a qualsiasi attivit\u00e0 o iniziativa che riterr\u00e0 di particolare interesse per i suoi scopi istituzionali e statutari. Ai fini del presente Regolamento si intende per patrocinio il sostegno con associazione di immagine e concessione per l\u2019utilizzo del logo di R.A.S.I.. La R.A.S.I. pu\u00f2 concedere il patrocinio a soggetti giuridici e a singoli artisti interpreti esecutori soci o mandanti nel rispetto delle disposizioni del Codice Etico. Al fine di ottenere la concessione di patrocinio di R.A.S.I., ovvero la concessione dell\u2019utilizzo del Logo Istituzionale, il richiedente, salvo casi eccezionali, deve presentare apposita istanza almeno 30 (trenta) giorni prima della data di svolgimento dell\u2019evento. Le richieste devono essere sottoscritte dal legale rappresentante o dal soggetto richiedente e devono contenere la descrizione completa ed esauriente dell\u2019iniziativa. La valutazione della richiesta \u00e8 effettuata solo in presenza della documentazione completa. Qualora la documentazione fosse parziale e carente dei documenti necessari, la domanda di patrocinio viene ritenuta inammissibile. La concessione del patrocinio \u00e8 decisa dal Presidente sentito il Comitato di Sorveglianza. La concessione del patrocinio comporta l\u2019utilizzo del logo di R.A.S.I. sul materiale promozionale dell\u2019iniziativa. \u00a0Il patrocinio e l&#8217;autorizzazione all&#8217;utilizzo del logo possono essere concessi ad una singola iniziativa e non si estendono ad altre iniziative analoghe o affini e non possono essere accordati in via permanente.<\/p><p>Il soggetto patrocinato utilizza il logo di R.A.S.I. apponendolo sugli strumenti di comunicazione previsti a supporto dell\u2019iniziativa unitamente alla dicitura \u201ccon il patrocinio di Rete Artisti Spettacolo per l\u2019Innovazione\u201d o l\u2019apposito logo con la dicitura \u201cwww.reteartistispettacolo.it \u201d. Sar\u00e0 cura di R.A.S.I. inviare agli organizzatori dell\u2019evento patrocinato il logo istituzionale con la apposita dicitura di concessione del patrocinio. La R.A.S.I. si riserva il diritto di verificare i contenuti della bozza di stampa qualora vi siano inserzioni ritenute contrastanti con le disposizioni e gli interessi di R.A.S.I. ha facolt\u00e0 di revocare la concessione di patrocinio e l\u2019utilizzo del logo. La bozza dei materiali in cui si utilizza il logo di R.A.S.I. deve pervenire alla stessa, di norma, almeno 15 giorni prima della data di svolgimento dell\u2019evento.<\/p><\/div>\n\t\t\t\t<\/div>\n\t\t\t\t\t\t\t<div class=\"elementor-accordion-item\">\n\t\t\t\t\t<div id=\"elementor-tab-title-15011\" class=\"elementor-tab-title\" data-tab=\"11\" role=\"button\" aria-controls=\"elementor-tab-content-15011\" aria-expanded=\"false\">\n\t\t\t\t\t\t\t\t\t\t\t\t\t<span class=\"elementor-accordion-icon elementor-accordion-icon-left\" aria-hidden=\"true\">\n\t\t\t\t\t\t\t\t\t\t\t\t\t\t\t<span class=\"elementor-accordion-icon-closed\"><svg class=\"e-font-icon-svg e-fas-plus\" viewBox=\"0 0 448 512\" xmlns=\"http:\/\/www.w3.org\/2000\/svg\"><path d=\"M416 208H272V64c0-17.67-14.33-32-32-32h-32c-17.67 0-32 14.33-32 32v144H32c-17.67 0-32 14.33-32 32v32c0 17.67 14.33 32 32 32h144v144c0 17.67 14.33 32 32 32h32c17.67 0 32-14.33 32-32V304h144c17.67 0 32-14.33 32-32v-32c0-17.67-14.33-32-32-32z\"><\/path><\/svg><\/span>\n\t\t\t\t\t\t\t\t<span class=\"elementor-accordion-icon-opened\"><svg class=\"e-font-icon-svg e-fas-minus\" viewBox=\"0 0 448 512\" xmlns=\"http:\/\/www.w3.org\/2000\/svg\"><path d=\"M416 208H32c-17.67 0-32 14.33-32 32v32c0 17.67 14.33 32 32 32h384c17.67 0 32-14.33 32-32v-32c0-17.67-14.33-32-32-32z\"><\/path><\/svg><\/span>\n\t\t\t\t\t\t\t\t\t\t\t\t\t\t<\/span>\n\t\t\t\t\t\t\t\t\t\t\t\t<a class=\"elementor-accordion-title\" tabindex=\"0\">ENTRATA IN VIGORE<\/a>\n\t\t\t\t\t<\/div>\n\t\t\t\t\t<div id=\"elementor-tab-content-15011\" class=\"elementor-tab-content elementor-clearfix\" data-tab=\"11\" role=\"region\" aria-labelledby=\"elementor-tab-title-15011\"><p>Il presente Regolamento, una volta approvato dagli organi competenti, entra in vigore dalla sua pubblicazione sul sito internet della R.A.S.I.<\/p><\/div>\n\t\t\t\t<\/div>\n\t\t\t\t\t\t\t\t<\/div>\n\t\t\t\t\t\t<\/div>\n\t\t\t\t<\/div>\n\t\t\t\t\t<\/div>\n\t\t<\/div>\n\t\t\t\t<div class=\"elementor-column elementor-col-50 elementor-top-column elementor-element elementor-element-e5016b7\" data-id=\"e5016b7\" data-element_type=\"column\" data-e-type=\"column\">\n\t\t\t<div class=\"elementor-widget-wrap elementor-element-populated\">\n\t\t\t\t\t\t<div class=\"elementor-element elementor-element-d35b84a elementor-view-default elementor-invisible elementor-widget elementor-widget-icon\" data-id=\"d35b84a\" data-element_type=\"widget\" data-e-type=\"widget\" data-settings=\"{&quot;_animation&quot;:&quot;fadeInUp&quot;}\" data-widget_type=\"icon.default\">\n\t\t\t\t<div class=\"elementor-widget-container\">\n\t\t\t\t\t\t\t<div class=\"elementor-icon-wrapper\">\n\t\t\t<a class=\"elementor-icon\" href=\"https:\/\/www.reteartistispettacolo.it\/wp-content\/uploads\/regolamento_promozione_patrocinio_rasi.pdf\" target=\"_blank\">\n\t\t\t<svg aria-hidden=\"true\" class=\"e-font-icon-svg e-far-file-pdf\" viewBox=\"0 0 384 512\" xmlns=\"http:\/\/www.w3.org\/2000\/svg\"><path d=\"M369.9 97.9L286 14C277 5 264.8-.1 252.1-.1H48C21.5 0 0 21.5 0 48v416c0 26.5 21.5 48 48 48h288c26.5 0 48-21.5 48-48V131.9c0-12.7-5.1-25-14.1-34zM332.1 128H256V51.9l76.1 76.1zM48 464V48h160v104c0 13.3 10.7 24 24 24h104v288H48zm250.2-143.7c-12.2-12-47-8.7-64.4-6.5-17.2-10.5-28.7-25-36.8-46.3 3.9-16.1 10.1-40.6 5.4-56-4.2-26.2-37.8-23.6-42.6-5.9-4.4 16.1-.4 38.5 7 67.1-10 23.9-24.9 56-35.4 74.4-20 10.3-47 26.2-51 46.2-3.3 15.8 26 55.2 76.1-31.2 22.4-7.4 46.8-16.5 68.4-20.1 18.9 10.2 41 17 55.8 17 25.5 0 28-28.2 17.5-38.7zm-198.1 77.8c5.1-13.7 24.5-29.5 30.4-35-19 30.3-30.4 35.7-30.4 35zm81.6-190.6c7.4 0 6.7 32.1 1.8 40.8-4.4-13.9-4.3-40.8-1.8-40.8zm-24.4 136.6c9.7-16.9 18-37 24.7-54.7 8.3 15.1 18.9 27.2 30.1 35.5-20.8 4.3-38.9 13.1-54.8 19.2zm131.6-5s-5 6-37.3-7.8c35.1-2.6 40.9 5.4 37.3 7.8z\"><\/path><\/svg>\t\t\t<\/a>\n\t\t<\/div>\n\t\t\t\t\t\t<\/div>\n\t\t\t\t<\/div>\n\t\t\t\t<div data-ha-element-link=\"{&quot;url&quot;:&quot;https:\\\/\\\/www.reteartistispettacolo.it\\\/wp-content\\\/uploads\\\/regolamento_promozione_patrocinio_rasi.pdf&quot;,&quot;is_external&quot;:&quot;on&quot;,&quot;nofollow&quot;:&quot;&quot;}\" style=\"cursor: pointer\" class=\"elementor-element elementor-element-8a99c9a elementor-invisible elementor-widget elementor-widget-text-editor\" data-id=\"8a99c9a\" data-element_type=\"widget\" data-e-type=\"widget\" data-settings=\"{&quot;_animation&quot;:&quot;fadeInUp&quot;}\" data-widget_type=\"text-editor.default\">\n\t\t\t\t<div class=\"elementor-widget-container\">\n\t\t\t\t\t\t\t\t\t<p>Versione PDF<\/p>\t\t\t\t\t\t\t\t<\/div>\n\t\t\t\t<\/div>\n\t\t\t\t\t<\/div>\n\t\t<\/div>\n\t\t\t\t\t<\/div>\n\t\t<\/section>\n\t\t\t\t<\/div>\n\t\t","protected":false},"excerpt":{"rendered":"<p>Promozione Bando tematico per la PROMOZIONE delle attivit\u00e0 professionali degli artisti (DI CUI ALL\u2019ART.7 DELLA LEGGE N.93 DEL 5 FEBBRAIO 1992) &#8220;L\u2019ARTE DEL PRECARIO&#8221; Rete Artisti Spettacolo per l&#8217;Innovazione Scadenza 24.00 del giorno 5 Luglio 2023 BANDO: L\u2019ARTE DEL PRECARIO Spunto tematico Essere artisti confina da sempre con l\u2019essere economicamente precari. Non avere un contratto [&hellip;]<\/p>\n","protected":false},"author":1,"featured_media":0,"parent":0,"menu_order":0,"comment_status":"closed","ping_status":"closed","template":"","meta":{"footnotes":""},"class_list":["post-1337","page","type-page","status-publish","hentry"],"_links":{"self":[{"href":"https:\/\/www.reteartistispettacolo.it\/it\/wp-json\/wp\/v2\/pages\/1337","targetHints":{"allow":["GET"]}}],"collection":[{"href":"https:\/\/www.reteartistispettacolo.it\/it\/wp-json\/wp\/v2\/pages"}],"about":[{"href":"https:\/\/www.reteartistispettacolo.it\/it\/wp-json\/wp\/v2\/types\/page"}],"author":[{"embeddable":true,"href":"https:\/\/www.reteartistispettacolo.it\/it\/wp-json\/wp\/v2\/users\/1"}],"replies":[{"embeddable":true,"href":"https:\/\/www.reteartistispettacolo.it\/it\/wp-json\/wp\/v2\/comments?post=1337"}],"version-history":[{"count":13,"href":"https:\/\/www.reteartistispettacolo.it\/it\/wp-json\/wp\/v2\/pages\/1337\/revisions"}],"predecessor-version":[{"id":1351,"href":"https:\/\/www.reteartistispettacolo.it\/it\/wp-json\/wp\/v2\/pages\/1337\/revisions\/1351"}],"wp:attachment":[{"href":"https:\/\/www.reteartistispettacolo.it\/it\/wp-json\/wp\/v2\/media?parent=1337"}],"curies":[{"name":"wp","href":"https:\/\/api.w.org\/{rel}","templated":true}]}}